{"id":28167,"date":"2023-11-10T21:24:31","date_gmt":"2023-11-10T20:24:31","guid":{"rendered":"https:\/\/www.bookolia.es\/libreria\/la-llavor-de-lavi\/"},"modified":"2025-05-28T13:38:54","modified_gmt":"2025-05-28T12:38:54","slug":"la-llavor-de-lavi","status":"publish","type":"product","link":"https:\/\/www.bookolia.es\/ca\/libreria\/la-llavor-de-lavi\/","title":{"rendered":"La llavor de l\u00b4avi"},"content":{"rendered":"<p class=\"ql-align-justify\"><em>La llavor de l\u2019avi<\/em>\u00a0\u00e9s un conte a vessar d\u2019imaginaci\u00f3 en qu\u00e8 una petita llavor dona origen a un arbre que creix sense parar. Primer, s\u2019obre pas dins de la mateixa casa i, despr\u00e9s, s\u2019enfila molt m\u00e9s, fins arribar als n\u00favols. All\u00e0, la fam\u00edlia protagonista es trobar\u00e0 amb unes altres (i uns altres avis) que, al seu torn, han plantat la seva pr\u00f2pia llavor.<\/p>\n<p>Les il\u00b7lustracions de Mar\u00eda Elina M\u00e9ndez aporten des de l\u2019inici del relat aquell caliu familiar que s\u2019av\u00e9 tan b\u00e9 amb la hist\u00f2ria, per acabar amb una paleta alegre i acolorida que convida al somni i la fantasia.<\/p>\n<p>Una hist\u00f2ria, en definitiva,\u00a0<strong>sobre la import\u00e0ncia de tenir cura de la natura i d\u2019escoltar els nostres avis<\/strong>.<\/p>\n<p><a href=\"https:\/\/www.todostuslibros.com\/libros\/la-llavor-de-l-avi_978-84-18284-96-0\" rel=\"nofollow noopener\" target=\"_blank\"><img loading=\"lazy\" decoding=\"async\" class=\"alignleft wp-image-24780 size-full\" src=\"https:\/\/www.bookolia.es\/wp-content\/uploads\/todos-tus-libros-logo-negro-e1642762110514.png\" alt=\"Todos tus libros\" width=\"100\" height=\"83\" \/><\/a><\/p>\n<p>&nbsp;<\/p>\n<p>&nbsp;<\/p>\n","protected":false},"excerpt":{"rendered":"<p>La llavor de l\u2019avi\u00a0\u00e9s un conte a vessar d\u2019imaginaci\u00f3 en qu\u00e8 una petita llavor dona origen a un arbre que creix sense parar. Primer, s\u2019obre pas dins de la mateixa casa i, despr\u00e9s, s\u2019enfila molt m\u00e9s, fins arribar als n\u00favols. All\u00e0, la fam\u00edlia protagonista es trobar\u00e0 amb unes altres (i uns altres avis) que, al [&hellip;]<\/p>\n","protected":false},"featured_media":26511,"template":"","meta":{"_et_pb_use_builder":"","_et_pb_old_content":"","_et_gb_content_width":""},"product_brand":[],"product_cat":[543,548,549],"product_tag":[559],"class_list":{"0":"post-28167","1":"product","2":"type-product","3":"status-publish","4":"has-post-thumbnail","6":"product_cat-catala","7":"product_cat-ilustrados","8":"product_cat-infantil-ca","9":"product_tag-familia-ca","11":"first","12":"instock","13":"taxable","14":"shipping-taxable","15":"product-type-simple"},"_links":{"self":[{"href":"https:\/\/www.bookolia.es\/ca\/wp-json\/wp\/v2\/product\/28167","targetHints":{"allow":["GET"]}}],"collection":[{"href":"https:\/\/www.bookolia.es\/ca\/wp-json\/wp\/v2\/product"}],"about":[{"href":"https:\/\/www.bookolia.es\/ca\/wp-json\/wp\/v2\/types\/product"}],"wp:featuredmedia":[{"embeddable":true,"href":"https:\/\/www.bookolia.es\/ca\/wp-json\/wp\/v2\/media\/26511"}],"wp:attachment":[{"href":"https:\/\/www.bookolia.es\/ca\/wp-json\/wp\/v2\/media?parent=28167"}],"wp:term":[{"taxonomy":"product_brand","embeddable":true,"href":"https:\/\/www.bookolia.es\/ca\/wp-json\/wp\/v2\/product_brand?post=28167"},{"taxonomy":"product_cat","embeddable":true,"href":"https:\/\/www.bookolia.es\/ca\/wp-json\/wp\/v2\/product_cat?post=28167"},{"taxonomy":"product_tag","embeddable":true,"href":"https:\/\/www.bookolia.es\/ca\/wp-json\/wp\/v2\/product_tag?post=28167"}],"curies":[{"name":"wp","href":"https:\/\/api.w.org\/{rel}","templated":true}]}}